{"id":2239,"date":"2022-08-31T13:05:55","date_gmt":"2022-08-31T11:05:55","guid":{"rendered":"https:\/\/dananderssonveckan.com\/muistokivet\/no-13-14-milrok-i\/"},"modified":"2024-04-05T19:24:47","modified_gmt":"2024-04-05T17:24:47","slug":"no-13-14-milrok-i","status":"publish","type":"page","link":"https:\/\/dananderssonveckan.com\/fi\/muistokivet\/no-13-14-milrok-i\/","title":{"rendered":"n:o 13 &#038; 14. Miilunsavua I"},"content":{"rendered":"<p>[et_pb_section fb_built=&#8221;1&#8243; _builder_version=&#8221;4.18.0&#8243; _module_preset=&#8221;default&#8221; background_color=&#8221;#a5a5a5&#8243; background_image=&#8221;https:\/\/dananderssonveckan.com\/wp-content\/uploads\/2022\/08\/milrok.jpg&#8221; background_blend=&#8221;multiply&#8221; global_colors_info=&#8221;{}&#8221;][et_pb_row _builder_version=&#8221;4.16&#8243; _module_preset=&#8221;default&#8221; global_colors_info=&#8221;{}&#8221;][et_pb_column type=&#8221;4_4&#8243; _builder_version=&#8221;4.16&#8243; _module_preset=&#8221;default&#8221; global_colors_info=&#8221;{}&#8221;][et_pb_text _builder_version=&#8221;4.18.0&#8243; _dynamic_attributes=&#8221;content&#8221; text_font=&#8221;EB Garamond||on||||||&#8221; text_font_size=&#8221;40px&#8221; header_font_size=&#8221;40px&#8221; header_line_height=&#8221;1.4em&#8221; text_orientation=&#8221;center&#8221; background_layout=&#8221;dark&#8221; max_width=&#8221;700px&#8221; module_alignment=&#8221;center&#8221; text_line_height_tablet=&#8221;1.4em&#8221; text_line_height_phone=&#8221;1.1em&#8221; text_line_height_last_edited=&#8221;on|phone&#8221; header_font_size_tablet=&#8221;&#8221; header_font_size_phone=&#8221;28px&#8221; header_font_size_last_edited=&#8221;on|desktop&#8221; locked=&#8221;off&#8221; global_colors_info=&#8221;{}&#8221;]@ET-DC@eyJkeW5hbWljIjp0cnVlLCJjb250ZW50IjoicG9zdF90aXRsZSIsInNldHRpbmdzIjp7ImJlZm9yZSI6IiIsImFmdGVyIjoiIn19@[\/et_pb_text][\/et_pb_column][\/et_pb_row][\/et_pb_section][et_pb_section fb_built=&#8221;1&#8243; _builder_version=&#8221;4.17.4&#8243; _module_preset=&#8221;default&#8221; background_enable_color=&#8221;off&#8221; global_colors_info=&#8221;{}&#8221;][et_pb_row column_structure=&#8221;3_5,2_5&#8243; _builder_version=&#8221;4.16&#8243; _module_preset=&#8221;default&#8221; global_colors_info=&#8221;{}&#8221;][et_pb_column type=&#8221;3_5&#8243; _builder_version=&#8221;4.16&#8243; _module_preset=&#8221;default&#8221; global_colors_info=&#8221;{}&#8221;][et_pb_text _builder_version=&#8221;4.24.3&#8243; text_font=&#8221;EB Garamond||on||||||&#8221; text_text_color=&#8221;#000000&#8243; text_font_size=&#8221;36px&#8221; header_font_size=&#8221;26px&#8221; header_line_height=&#8221;1.4em&#8221; header_6_font_size=&#8221;10px&#8221; header_6_line_height=&#8221;1.5em&#8221; background_enable_color=&#8221;off&#8221; module_alignment=&#8221;center&#8221; custom_padding=&#8221;0px|10px|0px|10px|false|false&#8221; hover_enabled=&#8221;0&#8243; text_font_size_tablet=&#8221;24px&#8221; text_font_size_phone=&#8221;20px&#8221; text_font_size_last_edited=&#8221;on|desktop&#8221; border_radii=&#8221;on|15px|15px|15px|15px&#8221; locked=&#8221;off&#8221; global_colors_info=&#8221;{}&#8221; text_line_height=&#8221;1.5em&#8221; sticky_enabled=&#8221;0&#8243;]<\/p>\n<p>Ikimetsien uumenissa,<br \/>takana alkukallioiden,<br \/><span style=\"background-color: #e3e3e3;\">loputtomien kangasmaiden,<br \/>alla kuolemanhiljaisuuden,<\/span><\/p>\n<p><span style=\"background-color: #e3e3e3;\">siell\u00e4 kihisee rovio kuuma<br \/>yll\u00e4\u00e4n kuvuksi nuijittu maa,<br \/>jonka sadasta aukosta harmaa<br \/>sauhu ilmoille suitsuaa<\/span><\/p>\n<p>Siell\u00e4 y\u00f6nmusta ihminen h\u00e4\u00e4rii<br \/>silmin posliininvalkoisin<br \/>hikoillen, n\u00e4lk\u00e4\u00e4 n\u00e4hden,<br \/>hartein vilusta hytisevin.<\/p>\n<p>Tuli tulena piillenkin palaa,<br \/>kuolleelta joskin vaikuttaa,<br \/>tuli aitoa aina on,<br \/>vaikkei ilmiliekill\u00e4 saa loimottaa.<\/p>\n<p>Silti alhaalla tuolla se hehkuu<br \/>yh\u00e4 alemmas kaivautuen,<br \/>esiin tunkeutuu lieskoja ly\u00f6den,<br \/>kukaan n\u00e4e ei kasvua sen.<\/p>\n<p><span style=\"background-color: #e3e3e3;\">Noinhan viha my\u00f6s ihmisen palaa,<br \/>kuten usko ja toivokin,<br \/>hyvin syv\u00e4lt\u00e4 savuna nousten<br \/>ja uinahtaen metsihin.<\/span><\/p>\n<p>Niin nousee my\u00f6s k\u00e4tketty laulu<br \/>maasta esiin polttavana<br \/>ja hiipii alkukallion reunaa<br \/>utuisena unelmana.<\/p>\n<p>Se kaikki on savua silkkaa,<br \/>joskin hengelt\u00e4\u00e4n on uhmakkain,<br \/>se on harmaata, hataraa, katoo,<br \/>miilunsavua on se vain.<\/p>\n<p>[\/et_pb_text][\/et_pb_column][et_pb_column type=&#8221;2_5&#8243; _builder_version=&#8221;4.16&#8243; _module_preset=&#8221;default&#8221; global_colors_info=&#8221;{}&#8221;][et_pb_blurb title=&#8221;Ta mig till minnesstenen&#8221; use_icon=&#8221;on&#8221; font_icon=&#8221;&#xe01f;||divi||400&#8243; icon_color=&#8221;#FFFFFF&#8221; image_icon_background_color=&#8221;#E09900&#8243; icon_placement=&#8221;left&#8221; image_icon_width=&#8221;24px&#8221; _builder_version=&#8221;4.18.0&#8243; _module_preset=&#8221;default&#8221; header_font=&#8221;|700|||||||&#8221; header_font_size=&#8221;16px&#8221; body_font_size=&#8221;14px&#8221; body_line_height=&#8221;1em&#8221; image_icon_custom_padding=&#8221;8px|8px|8px|8px|false|false&#8221; animation=&#8221;off&#8221; link_option_url=&#8221;https:\/\/goo.gl\/maps\/ivzgrmtyHbLZds786&#8243; link_option_url_new_window=&#8221;on&#8221; border_radii_image=&#8221;on|100%|100%|100%|100%&#8221; icon_font_size=&#8221;24px&#8221; use_circle=&#8221;on&#8221; circle_color=&#8221;#E09900&#8243; locked=&#8221;off&#8221; global_colors_info=&#8221;{}&#8221; image_icon_background_color__sticky_enabled=&#8221;#1c1c1c&#8221; image_icon_background_color__sticky=&#8221;#1c1c1c&#8221;]<\/p>\n<p>Google maps<\/p>\n<p>[\/et_pb_blurb][et_pb_audio audio=&#8221;https:\/\/dananderssonveckan.com\/wp-content\/uploads\/2022\/09\/Milrok1.mp3&#8243; title=&#8221;Milr\u00f6k I&#8221; artist_name=&#8221;Jimmy Ginsby&#8221; album_name=&#8221;Minnesstenar, Jimmy Ginsby l\u00e4ser Dan Andersson&#8221; image_url=&#8221;https:\/\/dananderssonveckan.com\/wp-content\/uploads\/2022\/08\/milrok.jpg&#8221; _builder_version=&#8221;4.18.0&#8243; _module_preset=&#8221;default&#8221; title_font=&#8221;|600|||||||&#8221; locked=&#8221;off&#8221; global_colors_info=&#8221;{}&#8221;][\/et_pb_audio][et_pb_video src=&#8221;https:\/\/youtu.be\/0Z3YEiFnEK0&#8243; _builder_version=&#8221;4.18.0&#8243; _module_preset=&#8221;default&#8221; global_colors_info=&#8221;{}&#8221;][\/et_pb_video][\/et_pb_column][\/et_pb_row][et_pb_row _builder_version=&#8221;4.17.4&#8243; _module_preset=&#8221;default&#8221; global_colors_info=&#8221;{}&#8221;][et_pb_column type=&#8221;4_4&#8243; _builder_version=&#8221;4.17.4&#8243; _module_preset=&#8221;default&#8221; global_colors_info=&#8221;{}&#8221;][et_pb_text _builder_version=&#8221;4.20.2&#8243; _module_preset=&#8221;default&#8221; text_font=&#8221;|||on|||||&#8221; text_font_size_tablet=&#8221;&#8221; text_font_size_phone=&#8221;11px&#8221; text_font_size_last_edited=&#8221;on|phone&#8221; global_colors_info=&#8221;{}&#8221;]<\/p>\n<p>DAN ANDERSSON, ERILLINEN RUNO<br \/>K\u00e4\u00e4nn\u00f6s suomeksi Tarmo Haarala<\/p>\n<p>[\/et_pb_text][\/et_pb_column][\/et_pb_row][et_pb_row _builder_version=&#8221;4.18.0&#8243; _module_preset=&#8221;default&#8221; locked=&#8221;off&#8221; global_colors_info=&#8221;{}&#8221;][et_pb_column type=&#8221;4_4&#8243; _builder_version=&#8221;4.18.0&#8243; _module_preset=&#8221;default&#8221; global_colors_info=&#8221;{}&#8221;][et_pb_button button_url=&#8221;@ET-DC@eyJkeW5hbWljIjp0cnVlLCJjb250ZW50IjoicG9zdF9saW5rX3VybF9wYWdlIiwic2V0dGluZ3MiOnsicG9zdF9pZCI6IjEzNTgifX0=@&#8221; button_text=&#8221;Muistokivet&#8221; button_alignment=&#8221;center&#8221; _builder_version=&#8221;4.18.0&#8243; _dynamic_attributes=&#8221;button_url&#8221; _module_preset=&#8221;default&#8221; custom_button=&#8221;on&#8221; button_text_color=&#8221;#000000&#8243; global_colors_info=&#8221;{}&#8221;][\/et_pb_button][\/et_pb_column][\/et_pb_row][\/et_pb_section]<\/p>\n","protected":false},"excerpt":{"rendered":"<p>Ikimetsien uumenissa,takana alkukallioiden,loputtomien kangasmaiden,alla kuolemanhiljaisuuden, siell\u00e4 kihisee rovio kuumayll\u00e4\u00e4n kuvuksi nuijittu maa,jonka sadasta aukosta harmaasauhu ilmoille suitsuaa Siell\u00e4 y\u00f6nmusta ihminen h\u00e4\u00e4riisilmin posliininvalkoisinhikoillen, n\u00e4lk\u00e4\u00e4 n\u00e4hden,hartein vilusta hytisevin. Tuli tulena piillenkin palaa,kuolleelta joskin vaikuttaa,tuli aitoa aina on,vaikkei ilmiliekill\u00e4 saa loimottaa. Silti alhaalla tuolla se hehkuuyh\u00e4 alemmas kaivautuen,esiin tunkeutuu lieskoja ly\u00f6den,kukaan n\u00e4e ei kasvua sen. Noinhan viha my\u00f6s [&hellip;]<\/p>\n","protected":false},"author":1,"featured_media":0,"parent":2119,"menu_order":0,"comment_status":"closed","ping_status":"closed","template":"","meta":{"_et_pb_use_builder":"on","_et_pb_old_content":"","_et_gb_content_width":"","inline_featured_image":false,"footnotes":""},"class_list":["post-2239","page","type-page","status-publish","hentry"],"yoast_head":"<!-- This site is optimized with the Yoast SEO plugin v27.2 - https:\/\/yoast.com\/product\/yoast-seo-wordpress\/ -->\n<title>n:o 13 &amp; 14. Miilunsavua I - Dan Anderssonveckan<\/title>\n<meta name=\"robots\" content=\"index, follow, max-snippet:-1, max-image-preview:large, max-video-preview:-1\" \/>\n<link rel=\"canonical\" href=\"https:\/\/dananderssonveckan.com\/fi\/muistokivet\/no-13-14-milrok-i\/\" \/>\n<meta property=\"og:locale\" content=\"fi_FI\" \/>\n<meta property=\"og:type\" content=\"article\" \/>\n<meta property=\"og:title\" content=\"n:o 13 &amp; 14. Miilunsavua I - Dan Anderssonveckan\" \/>\n<meta property=\"og:description\" content=\"Ikimetsien uumenissa,takana alkukallioiden,loputtomien kangasmaiden,alla kuolemanhiljaisuuden, siell\u00e4 kihisee rovio kuumayll\u00e4\u00e4n kuvuksi nuijittu maa,jonka sadasta aukosta harmaasauhu ilmoille suitsuaa Siell\u00e4 y\u00f6nmusta ihminen h\u00e4\u00e4riisilmin posliininvalkoisinhikoillen, n\u00e4lk\u00e4\u00e4 n\u00e4hden,hartein vilusta hytisevin. Tuli tulena piillenkin palaa,kuolleelta joskin vaikuttaa,tuli aitoa aina on,vaikkei ilmiliekill\u00e4 saa loimottaa. Silti alhaalla tuolla se hehkuuyh\u00e4 alemmas kaivautuen,esiin tunkeutuu lieskoja ly\u00f6den,kukaan n\u00e4e ei kasvua sen. Noinhan viha my\u00f6s [&hellip;]\" \/>\n<meta property=\"og:url\" content=\"https:\/\/dananderssonveckan.com\/fi\/muistokivet\/no-13-14-milrok-i\/\" \/>\n<meta property=\"og:site_name\" content=\"Dan Anderssonveckan\" \/>\n<meta property=\"article:modified_time\" content=\"2024-04-05T17:24:47+00:00\" \/>\n<meta name=\"twitter:card\" content=\"summary_large_image\" \/>\n<meta name=\"twitter:label1\" content=\"Arvioitu lukuaika\" \/>\n\t<meta name=\"twitter:data1\" content=\"4 minuuttia\" \/>\n<script type=\"application\/ld+json\" class=\"yoast-schema-graph\">{\"@context\":\"https:\/\/schema.org\",\"@graph\":[{\"@type\":\"WebPage\",\"@id\":\"https:\/\/dananderssonveckan.com\/fi\/muistokivet\/no-13-14-milrok-i\/\",\"url\":\"https:\/\/dananderssonveckan.com\/fi\/muistokivet\/no-13-14-milrok-i\/\",\"name\":\"n:o 13 & 14. Miilunsavua I - Dan Anderssonveckan\",\"isPartOf\":{\"@id\":\"https:\/\/dananderssonveckan.com\/#website\"},\"datePublished\":\"2022-08-31T11:05:55+00:00\",\"dateModified\":\"2024-04-05T17:24:47+00:00\",\"breadcrumb\":{\"@id\":\"https:\/\/dananderssonveckan.com\/fi\/muistokivet\/no-13-14-milrok-i\/#breadcrumb\"},\"inLanguage\":\"fi\",\"potentialAction\":[{\"@type\":\"ReadAction\",\"target\":[\"https:\/\/dananderssonveckan.com\/fi\/muistokivet\/no-13-14-milrok-i\/\"]}]},{\"@type\":\"BreadcrumbList\",\"@id\":\"https:\/\/dananderssonveckan.com\/fi\/muistokivet\/no-13-14-milrok-i\/#breadcrumb\",\"itemListElement\":[{\"@type\":\"ListItem\",\"position\":1,\"name\":\"Home\",\"item\":\"https:\/\/dananderssonveckan.com\/\"},{\"@type\":\"ListItem\",\"position\":2,\"name\":\"Muistokivet\",\"item\":\"https:\/\/dananderssonveckan.com\/fi\/muistokivet\/\"},{\"@type\":\"ListItem\",\"position\":3,\"name\":\"n:o 13 &#038; 14. Miilunsavua I\"}]},{\"@type\":\"WebSite\",\"@id\":\"https:\/\/dananderssonveckan.com\/#website\",\"url\":\"https:\/\/dananderssonveckan.com\/\",\"name\":\"Dan Anderssonveckan\",\"description\":\"Kulturdagar i Ludvikabygden\",\"potentialAction\":[{\"@type\":\"SearchAction\",\"target\":{\"@type\":\"EntryPoint\",\"urlTemplate\":\"https:\/\/dananderssonveckan.com\/?s={search_term_string}\"},\"query-input\":{\"@type\":\"PropertyValueSpecification\",\"valueRequired\":true,\"valueName\":\"search_term_string\"}}],\"inLanguage\":\"fi\"}]}<\/script>\n<!-- \/ Yoast SEO plugin. -->","yoast_head_json":{"title":"n:o 13 & 14. Miilunsavua I - Dan Anderssonveckan","robots":{"index":"index","follow":"follow","max-snippet":"max-snippet:-1","max-image-preview":"max-image-preview:large","max-video-preview":"max-video-preview:-1"},"canonical":"https:\/\/dananderssonveckan.com\/fi\/muistokivet\/no-13-14-milrok-i\/","og_locale":"fi_FI","og_type":"article","og_title":"n:o 13 & 14. Miilunsavua I - Dan Anderssonveckan","og_description":"Ikimetsien uumenissa,takana alkukallioiden,loputtomien kangasmaiden,alla kuolemanhiljaisuuden, siell\u00e4 kihisee rovio kuumayll\u00e4\u00e4n kuvuksi nuijittu maa,jonka sadasta aukosta harmaasauhu ilmoille suitsuaa Siell\u00e4 y\u00f6nmusta ihminen h\u00e4\u00e4riisilmin posliininvalkoisinhikoillen, n\u00e4lk\u00e4\u00e4 n\u00e4hden,hartein vilusta hytisevin. Tuli tulena piillenkin palaa,kuolleelta joskin vaikuttaa,tuli aitoa aina on,vaikkei ilmiliekill\u00e4 saa loimottaa. Silti alhaalla tuolla se hehkuuyh\u00e4 alemmas kaivautuen,esiin tunkeutuu lieskoja ly\u00f6den,kukaan n\u00e4e ei kasvua sen. Noinhan viha my\u00f6s [&hellip;]","og_url":"https:\/\/dananderssonveckan.com\/fi\/muistokivet\/no-13-14-milrok-i\/","og_site_name":"Dan Anderssonveckan","article_modified_time":"2024-04-05T17:24:47+00:00","twitter_card":"summary_large_image","twitter_misc":{"Arvioitu lukuaika":"4 minuuttia"},"schema":{"@context":"https:\/\/schema.org","@graph":[{"@type":"WebPage","@id":"https:\/\/dananderssonveckan.com\/fi\/muistokivet\/no-13-14-milrok-i\/","url":"https:\/\/dananderssonveckan.com\/fi\/muistokivet\/no-13-14-milrok-i\/","name":"n:o 13 & 14. Miilunsavua I - Dan Anderssonveckan","isPartOf":{"@id":"https:\/\/dananderssonveckan.com\/#website"},"datePublished":"2022-08-31T11:05:55+00:00","dateModified":"2024-04-05T17:24:47+00:00","breadcrumb":{"@id":"https:\/\/dananderssonveckan.com\/fi\/muistokivet\/no-13-14-milrok-i\/#breadcrumb"},"inLanguage":"fi","potentialAction":[{"@type":"ReadAction","target":["https:\/\/dananderssonveckan.com\/fi\/muistokivet\/no-13-14-milrok-i\/"]}]},{"@type":"BreadcrumbList","@id":"https:\/\/dananderssonveckan.com\/fi\/muistokivet\/no-13-14-milrok-i\/#breadcrumb","itemListElement":[{"@type":"ListItem","position":1,"name":"Home","item":"https:\/\/dananderssonveckan.com\/"},{"@type":"ListItem","position":2,"name":"Muistokivet","item":"https:\/\/dananderssonveckan.com\/fi\/muistokivet\/"},{"@type":"ListItem","position":3,"name":"n:o 13 &#038; 14. Miilunsavua I"}]},{"@type":"WebSite","@id":"https:\/\/dananderssonveckan.com\/#website","url":"https:\/\/dananderssonveckan.com\/","name":"Dan Anderssonveckan","description":"Kulturdagar i Ludvikabygden","potentialAction":[{"@type":"SearchAction","target":{"@type":"EntryPoint","urlTemplate":"https:\/\/dananderssonveckan.com\/?s={search_term_string}"},"query-input":{"@type":"PropertyValueSpecification","valueRequired":true,"valueName":"search_term_string"}}],"inLanguage":"fi"}]}},"_links":{"self":[{"href":"https:\/\/dananderssonveckan.com\/fi\/wp-json\/wp\/v2\/pages\/2239","targetHints":{"allow":["GET"]}}],"collection":[{"href":"https:\/\/dananderssonveckan.com\/fi\/wp-json\/wp\/v2\/pages"}],"about":[{"href":"https:\/\/dananderssonveckan.com\/fi\/wp-json\/wp\/v2\/types\/page"}],"author":[{"embeddable":true,"href":"https:\/\/dananderssonveckan.com\/fi\/wp-json\/wp\/v2\/users\/1"}],"replies":[{"embeddable":true,"href":"https:\/\/dananderssonveckan.com\/fi\/wp-json\/wp\/v2\/comments?post=2239"}],"version-history":[{"count":12,"href":"https:\/\/dananderssonveckan.com\/fi\/wp-json\/wp\/v2\/pages\/2239\/revisions"}],"predecessor-version":[{"id":2631,"href":"https:\/\/dananderssonveckan.com\/fi\/wp-json\/wp\/v2\/pages\/2239\/revisions\/2631"}],"up":[{"embeddable":true,"href":"https:\/\/dananderssonveckan.com\/fi\/wp-json\/wp\/v2\/pages\/2119"}],"wp:attachment":[{"href":"https:\/\/dananderssonveckan.com\/fi\/wp-json\/wp\/v2\/media?parent=2239"}],"curies":[{"name":"wp","href":"https:\/\/api.w.org\/{rel}","templated":true}]}}